{"id":9164,"date":"2024-03-25T17:47:15","date_gmt":"2024-03-25T16:47:15","guid":{"rendered":"https:\/\/etivaz-aop.ch\/desalpe-de-letivaz-le-30-septembre-2023\/"},"modified":"2026-08-28T18:45:59","modified_gmt":"2026-08-28T16:45:59","slug":"desalpe-letivaz","status":"publish","type":"page","link":"https:\/\/etivaz-aop.ch\/de\/desalpe-letivaz\/","title":{"rendered":"Alpabzug von L\u2019Etivaz, 26. September 2026"},"content":{"rendered":"<div data-elementor-type=\"wp-page\" data-elementor-id=\"9164\" class=\"elementor elementor-9164\" data-elementor-post-type=\"page\">\n\t\t\t\t\t\t<section class=\"elementor-section elementor-top-section elementor-element elementor-element-43c8c5a8 elementor-section-height-full elementor-section-boxed elementor-section-height-default elementor-section-items-middle\" data-id=\"43c8c5a8\" data-element_type=\"section\" data-e-type=\"section\" data-settings=\"{&quot;background_background&quot;:&quot;classic&quot;}\">\n\t\t\t\t\t\t\t<div class=\"elementor-background-overlay\"><\/div>\n\t\t\t\t\t\t\t<div class=\"elementor-container elementor-column-gap-default\">\n\t\t\t\t\t<div class=\"elementor-column elementor-col-100 elementor-top-column elementor-element elementor-element-d68aaed\" data-id=\"d68aaed\" data-element_type=\"column\" data-e-type=\"column\">\n\t\t\t<div class=\"elementor-widget-wrap elementor-element-populated\">\n\t\t\t\t\t\t<div class=\"elementor-element elementor-element-e02f85c elementor-widget elementor-widget-heading\" data-id=\"e02f85c\" data-element_type=\"widget\" data-e-type=\"widget\" data-widget_type=\"heading.default\">\n\t\t\t\t<div class=\"elementor-widget-container\">\n\t\t\t\t\t<h1 class=\"elementor-heading-title elementor-size-default\">Alpabzug von L'Etivaz<\/h1>\t\t\t\t<\/div>\n\t\t\t\t<\/div>\n\t\t\t\t\t<\/div>\n\t\t<\/div>\n\t\t\t\t\t<\/div>\n\t\t<\/section>\n\t\t\t\t<section class=\"elementor-section elementor-top-section elementor-element elementor-element-6e1307fa elementor-section-full_width elementor-section-height-default elementor-section-height-default\" data-id=\"6e1307fa\" data-element_type=\"section\" data-e-type=\"section\">\n\t\t\t\t\t\t<div class=\"elementor-container elementor-column-gap-default\">\n\t\t\t\t\t<div class=\"elementor-column elementor-col-50 elementor-top-column elementor-element elementor-element-2b148135\" data-id=\"2b148135\" data-element_type=\"column\" data-e-type=\"column\" data-settings=\"{&quot;background_background&quot;:&quot;classic&quot;}\">\n\t\t\t<div class=\"elementor-widget-wrap\">\n\t\t\t\t\t\t\t<\/div>\n\t\t<\/div>\n\t\t\t\t<div class=\"elementor-column elementor-col-50 elementor-top-column elementor-element elementor-element-6d592a79\" data-id=\"6d592a79\" data-element_type=\"column\" data-e-type=\"column\">\n\t\t\t<div class=\"elementor-widget-wrap elementor-element-populated\">\n\t\t\t\t\t\t<div class=\"elementor-element elementor-element-6a54e195 elementor-widget__width-initial elementor-widget elementor-widget-heading\" data-id=\"6a54e195\" data-element_type=\"widget\" data-e-type=\"widget\" data-widget_type=\"heading.default\">\n\t\t\t\t<div class=\"elementor-widget-container\">\n\t\t\t\t\t<h2 class=\"elementor-heading-title elementor-size-default\">Eine lebendige Tradition!                                                           Wir sehen uns am 26. September 2026<\/h2>\t\t\t\t<\/div>\n\t\t\t\t<\/div>\n\t\t\t\t<div class=\"elementor-element elementor-element-247c429 elementor-widget elementor-widget-text-editor\" data-id=\"247c429\" data-element_type=\"widget\" data-e-type=\"widget\" data-widget_type=\"text-editor.default\">\n\t\t\t\t<div class=\"elementor-widget-container\">\n\t\t\t\t\t\t\t\t\t<p>Am 26. September 2026 wird in L\u2019Etivaz ein Fest stattfinden, um die R\u00fcckkehr der Herden nach einem Sommer auf den Almen zu feiern! Trotz einer von Trockenheit gepr\u00e4gten Saison wird die Tradition fortgesetzt: Die Herden werden durch das Dorf ziehen \u2013 vielleicht in etwas kleinerer Zahl als sonst, aber mit unver\u00e4ndert viel Herzblut und Geselligkeit.<\/p><p>\u00a0<\/p><p>Auf dem Programm stehen: Unterhaltungsprogramm, Kunsthandwerksmarkt, regionale Spezialit\u00e4ten, K\u00e4sewettbewerb, Tierbereich und eine Vorabverkostung der ersten Laibe \u201eL\u2019Etivaz AOP\u201c, die im Sommer 2026 hergestellt wurden.<\/p><p>\u00a0<\/p><p>Ein sch\u00f6ner Tag, um unsere Traditionen, unsere Tiere und unsere Region zu feiern!\u00a0<\/p>\t\t\t\t\t\t\t\t<\/div>\n\t\t\t\t<\/div>\n\t\t\t\t<div class=\"elementor-element elementor-element-34784e2 elementor-widget elementor-widget-text-editor\" data-id=\"34784e2\" data-element_type=\"widget\" data-e-type=\"widget\" data-widget_type=\"text-editor.default\">\n\t\t\t\t<div class=\"elementor-widget-container\">\n\t\t\t\t\t\t\t\t\t<p><strong>Entdecken Sie den Zeitplan f\u00fcr den Durchzug der Herden.<\/strong><\/p>\t\t\t\t\t\t\t\t<\/div>\n\t\t\t\t<\/div>\n\t\t\t\t<div class=\"elementor-element elementor-element-6133231 elementor-align-center elementor-widget__width-initial elementor-widget elementor-widget-button\" data-id=\"6133231\" data-element_type=\"widget\" data-e-type=\"widget\" data-widget_type=\"button.default\">\n\t\t\t\t<div class=\"elementor-widget-container\">\n\t\t\t\t\t\t\t\t\t<div class=\"elementor-button-wrapper\">\n\t\t\t\t\t<a class=\"elementor-button elementor-size-sm\" role=\"button\">\n\t\t\t\t\t\t<span class=\"elementor-button-content-wrapper\">\n\t\t\t\t\t\t\t\t\t<span class=\"elementor-button-text\">Weitere Informationen...<\/span>\n\t\t\t\t\t<\/span>\n\t\t\t\t\t<\/a>\n\t\t\t\t<\/div>\n\t\t\t\t\t\t\t\t<\/div>\n\t\t\t\t<\/div>\n\t\t\t\t\t<\/div>\n\t\t<\/div>\n\t\t\t\t\t<\/div>\n\t\t<\/section>\n\t\t\t\t<section class=\"elementor-section elementor-top-section elementor-element elementor-element-674fd1f9 elementor-section-boxed elementor-section-height-default elementor-section-height-default\" data-id=\"674fd1f9\" data-element_type=\"section\" data-e-type=\"section\" data-settings=\"{&quot;background_background&quot;:&quot;classic&quot;}\">\n\t\t\t\t\t\t\t<div class=\"elementor-background-overlay\"><\/div>\n\t\t\t\t\t\t\t<div class=\"elementor-container elementor-column-gap-default\">\n\t\t\t\t\t<div class=\"elementor-column elementor-col-100 elementor-top-column elementor-element elementor-element-739e9d33\" data-id=\"739e9d33\" data-element_type=\"column\" data-e-type=\"column\">\n\t\t\t<div class=\"elementor-widget-wrap elementor-element-populated\">\n\t\t\t\t\t\t<div class=\"elementor-element elementor-element-6183bd60 elementor-widget elementor-widget-heading\" data-id=\"6183bd60\" data-element_type=\"widget\" data-e-type=\"widget\" data-widget_type=\"heading.default\">\n\t\t\t\t<div class=\"elementor-widget-container\">\n\t\t\t\t\t<h2 class=\"elementor-heading-title elementor-size-default\">Programm<\/h2>\t\t\t\t<\/div>\n\t\t\t\t<\/div>\n\t\t\t\t<div class=\"elementor-element elementor-element-476ffc00 elementor-widget elementor-widget-text-editor\" data-id=\"476ffc00\" data-element_type=\"widget\" data-e-type=\"widget\" data-widget_type=\"text-editor.default\">\n\t\t\t\t<div class=\"elementor-widget-container\">\n\t\t\t\t\t\t\t\t\t<div id=\"gspb_text-id-gsbp-8c34ed4d-2ac2\" class=\"gspb_text gspb_text-id-gsbp-8c34ed4d-2ac2\"><p class=\"PDq2pG_selectionAnchorContainer\" data-start=\"259\" data-end=\"522\">Ab 9 Uhr: Vorbeiziehen der Herden, folkloristische Darbietungen, gro\u00dfer Handwerksmarkt, Bereich zum Kennenlernen der Nutztiere, Vorf\u00fchrung der K\u00e4seherstellung sowie Verkostung der Wettbewerbsk\u00e4se durch das Publikum und die Kinder auf dem Festplatz.<\/p><p data-start=\"524\" data-end=\"700\">Erlebnisbereich \u201eHoftiere\u201c: Kommen Sie vorbei, lernen Sie die Tiere kennen, kommen Sie ihnen ganz nah, streicheln Sie sie und erfahren Sie mehr \u00fcber ihr Leben und ihre Rolle auf dem Bauernhof.\u00a0<\/p><p data-start=\"702\" data-end=\"799\">Gegen 14 Uhr findet die K\u00e4severkostung durch die Fachjury live auf dem Festplatz statt.<\/p><p data-start=\"801\" data-end=\"970\">Gegen 15 Uhr: Bekanntgabe der Ergebnisse des K\u00e4sewettbewerbs mit Verleihung der Auszeichnungen: Publikumsliebling, Kinderliebling und Wahl der Fachjury.<\/p><p data-start=\"972\" data-end=\"1112\">Ab 19 Uhr gibt es ein Abendessen unter der beheizten Kantine, mit Live-Musik und einer Jugendbar sowie der Preisverleihung des K\u00e4sewettbewerbs.<\/p><\/div><div class=\"wp-block-spacer\" aria-hidden=\"true\">\u00a0<\/div><div id=\"gspb_text-id-gsbp-96d5f87d-752d\" class=\"gspb_text gspb_text-id-gsbp-96d5f87d-752d\">Sie haben die M\u00f6glichkeit, die Eintrittsgelder, die Getr\u00e4nke an den Bars sowie unsere eigenen St\u00e4nde (K\u00e4seplatten, Souvenirs usw.) \u00fcber die App zu bezahlen. <strong data-start=\"1313\" data-end=\"1322\">TWINT<\/strong>.<\/div>\t\t\t\t\t\t\t\t<\/div>\n\t\t\t\t<\/div>\n\t\t\t\t<div class=\"elementor-element elementor-element-73f18263 elementor-widget elementor-widget-heading\" data-id=\"73f18263\" data-element_type=\"widget\" data-e-type=\"widget\" data-widget_type=\"heading.default\">\n\t\t\t\t<div class=\"elementor-widget-container\">\n\t\t\t\t\t<h2 class=\"elementor-heading-title elementor-size-default\">Tarife<\/h2>\t\t\t\t<\/div>\n\t\t\t\t<\/div>\n\t\t\t\t<div class=\"elementor-element elementor-element-6b0774e8 elementor-widget elementor-widget-text-editor\" data-id=\"6b0774e8\" data-element_type=\"widget\" data-e-type=\"widget\" data-widget_type=\"text-editor.default\">\n\t\t\t\t<div class=\"elementor-widget-container\">\n\t\t\t\t\t\t\t\t\t<div id=\"gspb_text-id-gsbp-8c34ed4d-2ac2\" class=\"gspb_text gspb_text-id-gsbp-8c34ed4d-2ac2\"><p>Eingaben:\u00a0<strong>10 CHF\/<\/strong> Erwachsener, kostenlos f\u00fcr Kinder unter 16 Jahren. Im Preis inbegriffen ist auch der Transport mit TPC-Bussen und Shuttle-Bussen, mit denen du ganz entspannt zur Party gelangen kannst.\u00a0<\/p><\/div>\t\t\t\t\t\t\t\t<\/div>\n\t\t\t\t<\/div>\n\t\t\t\t\t<\/div>\n\t\t<\/div>\n\t\t\t\t\t<\/div>\n\t\t<\/section>\n\t\t\t\t<section class=\"elementor-section elementor-top-section elementor-element elementor-element-586ca9d7 elementor-section-full_width elementor-section-height-default elementor-section-height-default\" data-id=\"586ca9d7\" data-element_type=\"section\" data-e-type=\"section\">\n\t\t\t\t\t\t<div class=\"elementor-container elementor-column-gap-default\">\n\t\t\t\t\t<div class=\"elementor-column elementor-col-50 elementor-top-column elementor-element elementor-element-51f3bec6\" data-id=\"51f3bec6\" data-element_type=\"column\" data-e-type=\"column\">\n\t\t\t<div class=\"elementor-widget-wrap elementor-element-populated\">\n\t\t\t\t\t\t<div class=\"elementor-element elementor-element-74df8001 elementor-widget elementor-widget-heading\" data-id=\"74df8001\" data-element_type=\"widget\" data-e-type=\"widget\" data-widget_type=\"heading.default\">\n\t\t\t\t<div class=\"elementor-widget-container\">\n\t\t\t\t\t<h2 class=\"elementor-heading-title elementor-size-default\">Shuttle-Busse und Parkpl\u00e4tze<\/h2>\t\t\t\t<\/div>\n\t\t\t\t<\/div>\n\t\t\t\t<div class=\"elementor-element elementor-element-6c2beafd elementor-widget elementor-widget-text-editor\" data-id=\"6c2beafd\" data-element_type=\"widget\" data-e-type=\"widget\" data-widget_type=\"text-editor.default\">\n\t\t\t\t<div class=\"elementor-widget-container\">\n\t\t\t\t\t\t\t\t\t<p><strong>Nutzen Sie den kostenlosen Shuttle-Service nach L'Etivaz<\/strong>.<\/p><ul><li>Von L'Arsat (kostenloser Parkplatz zwischen Les Mosses und La L\u00e9cherette)<\/li><li>Von La l\u00e9cherette (gro\u00dfer Parkplatz)<\/li><li>Von Ch\u00e2teau-d'Oex (gegen\u00fcber der Buchhandlung und vom Landi-Gel\u00e4nde unten im Dorf, kostenloser Parkplatz)<\/li><\/ul><div id=\"gspb_text-id-gsbp-0d1130ba-d15c\" class=\"gspb_text gspb_text-id-gsbp-0d1130ba-d15c\"><p>Dieser Dienst wird Ihnen zur Verf\u00fcgung gestellt ab\u00a0<strong>von 7 Uhr morgens bis 18 Uhr abends<\/strong>. An der Abfahrt jedes Shuttlebusses wird ein Empfang eingerichtet, an dem Sie Informationen erhalten und K\u00e4se probieren k\u00f6nnen. Wir werden auch die Eintrittspins direkt an den verschiedenen Empfangspunkten verkaufen.<\/p><p><strong>Busse und Shuttlebusse am Abend:<\/strong><br \/>Von der Landi nach L'Etivaz um 18:00, 19:00 und 20:00 Uhr<br \/>Abfahrtszeiten von L'Etivaz auf die Landi: 18:30, 19:30 Uhr und ab 23:30 Uhr den ganzen Abend Pyjamabus.<\/p><p>Entscheiden Sie sich f\u00fcr die Shuttlebusse, Sie sparen Zeit! Lassen Sie sich zum Veranstaltungszentrum in L'Etivaz fahren, ohne sich Sorgen um einen Parkplatz machen zu m\u00fcssen.<\/p><\/div>\t\t\t\t\t\t\t\t<\/div>\n\t\t\t\t<\/div>\n\t\t\t\t\t<\/div>\n\t\t<\/div>\n\t\t\t\t<div class=\"elementor-column elementor-col-50 elementor-top-column elementor-element elementor-element-204267e\" data-id=\"204267e\" data-element_type=\"column\" data-e-type=\"column\" data-settings=\"{&quot;background_background&quot;:&quot;classic&quot;}\">\n\t\t\t<div class=\"elementor-widget-wrap\">\n\t\t\t\t\t\t\t<\/div>\n\t\t<\/div>\n\t\t\t\t\t<\/div>\n\t\t<\/section>\n\t\t\t\t<section class=\"elementor-section elementor-top-section elementor-element elementor-element-19e026c4 elementor-section-full_width elementor-section-height-default elementor-section-height-default\" data-id=\"19e026c4\" data-element_type=\"section\" data-e-type=\"section\" data-settings=\"{&quot;background_background&quot;:&quot;classic&quot;}\">\n\t\t\t\t\t\t<div class=\"elementor-container elementor-column-gap-default\">\n\t\t\t\t\t<div class=\"elementor-column elementor-col-100 elementor-top-column elementor-element elementor-element-79da48c\" data-id=\"79da48c\" data-element_type=\"column\" data-e-type=\"column\">\n\t\t\t<div class=\"elementor-widget-wrap elementor-element-populated\">\n\t\t\t\t\t\t<div class=\"elementor-element elementor-element-5a16058e elementor-widget elementor-widget-heading\" data-id=\"5a16058e\" data-element_type=\"widget\" data-e-type=\"widget\" data-widget_type=\"heading.default\">\n\t\t\t\t<div class=\"elementor-widget-container\">\n\t\t\t\t\t<h2 class=\"elementor-heading-title elementor-size-default\">Die Partner des Alpabzugs<\/h2>\t\t\t\t<\/div>\n\t\t\t\t<\/div>\n\t\t\t\t<section class=\"elementor-section elementor-inner-section elementor-element elementor-element-4ad7aa elementor-section-full_width elementor-section-height-default elementor-section-height-default\" data-id=\"4ad7aa\" data-element_type=\"section\" data-e-type=\"section\" data-settings=\"{&quot;background_background&quot;:&quot;classic&quot;}\">\n\t\t\t\t\t\t<div class=\"elementor-container elementor-column-gap-default\">\n\t\t\t\t\t<div class=\"elementor-column elementor-col-25 elementor-inner-column elementor-element elementor-element-4a96a8ab\" data-id=\"4a96a8ab\" data-element_type=\"column\" data-e-type=\"column\" data-settings=\"{&quot;background_background&quot;:&quot;classic&quot;}\">\n\t\t\t<div class=\"elementor-widget-wrap elementor-element-populated\">\n\t\t\t\t\t\t<div class=\"elementor-element elementor-element-60030c06 elementor-flip-box--effect-flip elementor-flip-box--direction-up elementor-widget elementor-widget-flip-box\" data-id=\"60030c06\" data-element_type=\"widget\" data-e-type=\"widget\" data-widget_type=\"flip-box.default\">\n\t\t\t\t<div class=\"elementor-widget-container\">\n\t\t\t\t\t\t\t<div class=\"elementor-flip-box\" tabindex=\"0\">\n\t\t\t<div class=\"elementor-flip-box__layer elementor-flip-box__front\">\n\t\t\t\t<div class=\"elementor-flip-box__layer__overlay\">\n\t\t\t\t\t<div class=\"elementor-flip-box__layer__inner\">\n\t\t\t\t\t\t\t\t\t\t\t\t\t<div class=\"elementor-flip-box__image\">\n\t\t\t\t\t\t\t\t<img decoding=\"async\" width=\"172\" height=\"100\" src=\"https:\/\/etivaz-aop.ch\/wp-content\/uploads\/2024\/03\/unnamed-2.png\" class=\"attachment-full size-full wp-image-9169\" alt=\"\" srcset=\"https:\/\/etivaz-aop.ch\/wp-content\/uploads\/2024\/03\/unnamed-2.png 172w, https:\/\/etivaz-aop.ch\/wp-content\/uploads\/2024\/03\/unnamed-2-18x10.png 18w\" sizes=\"(max-width: 172px) 100vw, 172px\" \/>\t\t\t\t\t\t\t<\/div>\n\t\t\t\t\t\t\n\t\t\t\t\t\t\n\t\t\t\t\t\t\t\t\t\t\t<\/div>\n\t\t\t\t<\/div>\n\t\t\t<\/div>\n\t\t\t<div class=\"elementor-flip-box__layer elementor-flip-box__back\">\n\t\t\t<div class=\"elementor-flip-box__layer__overlay\">\n\t\t\t\t<div class=\"elementor-flip-box__layer__inner\">\n\t\t\t\t\t\t\t\t\t\t\t<h3 class=\"elementor-flip-box__layer__title\">\n\t\t\t\t\t\t\tPays-d\u2019Enhaut R\u00e9gion\t\t\t\t\t\t<\/h3>\n\t\t\t\t\t\n\t\t\t\t\t\t\t\t\t\t\t<div class=\"elementor-flip-box__layer__description\">\n\t\t\t\t\t\t\tUnser Partner f\u00fcr Kommunikation und Information\t\t\t\t\t\t<\/div>\n\t\t\t\t\t\n\t\t\t\t\t\t\t\t\t\t\t<a class=\"elementor-flip-box__button elementor-button elementor-size-sm\" href=\"https:\/\/www.alpesvaudoises.ch\/fr\/stories\/paysdenhaut\" target=\"_blank\">\n\t\t\t\t\t\t\twww.alpesvaudoises.ch\t\t\t\t\t\t<\/a>\n\t\t\t\t\t\t\t\t<\/div>\n\t\t<\/div>\n\t\t<\/div>\n\t\t<\/div>\n\t\t\t\t\t\t<\/div>\n\t\t\t\t<\/div>\n\t\t\t\t\t<\/div>\n\t\t<\/div>\n\t\t\t\t<div class=\"elementor-column elementor-col-25 elementor-inner-column elementor-element elementor-element-344bc6ec\" data-id=\"344bc6ec\" data-element_type=\"column\" data-e-type=\"column\" data-settings=\"{&quot;background_background&quot;:&quot;classic&quot;}\">\n\t\t\t<div class=\"elementor-widget-wrap elementor-element-populated\">\n\t\t\t\t\t\t<div class=\"elementor-element elementor-element-64f8eba elementor-flip-box--effect-flip elementor-flip-box--direction-up elementor-widget elementor-widget-flip-box\" data-id=\"64f8eba\" data-element_type=\"widget\" data-e-type=\"widget\" data-widget_type=\"flip-box.default\">\n\t\t\t\t<div class=\"elementor-widget-container\">\n\t\t\t\t\t\t\t<div class=\"elementor-flip-box\" tabindex=\"0\">\n\t\t\t<div class=\"elementor-flip-box__layer elementor-flip-box__front\">\n\t\t\t\t<div class=\"elementor-flip-box__layer__overlay\">\n\t\t\t\t\t<div class=\"elementor-flip-box__layer__inner\">\n\t\t\t\t\t\t\t\t\t\t\t\t\t<div class=\"elementor-flip-box__image\">\n\t\t\t\t\t\t\t\t<img decoding=\"async\" width=\"168\" height=\"128\" src=\"https:\/\/etivaz-aop.ch\/wp-content\/uploads\/2024\/03\/unnamed-3.png\" class=\"attachment-full size-full wp-image-9171\" alt=\"\" srcset=\"https:\/\/etivaz-aop.ch\/wp-content\/uploads\/2024\/03\/unnamed-3.png 168w, https:\/\/etivaz-aop.ch\/wp-content\/uploads\/2024\/03\/unnamed-3-16x12.png 16w\" sizes=\"(max-width: 168px) 100vw, 168px\" \/>\t\t\t\t\t\t\t<\/div>\n\t\t\t\t\t\t\n\t\t\t\t\t\t\n\t\t\t\t\t\t\t\t\t\t\t<\/div>\n\t\t\t\t<\/div>\n\t\t\t<\/div>\n\t\t\t<div class=\"elementor-flip-box__layer elementor-flip-box__back\">\n\t\t\t<div class=\"elementor-flip-box__layer__overlay\">\n\t\t\t\t<div class=\"elementor-flip-box__layer__inner\">\n\t\t\t\t\t\t\t\t\t\t\t<h3 class=\"elementor-flip-box__layer__title\">\n\t\t\t\t\t\t\tGstaad Z\u00fcglete\t\t\t\t\t\t<\/h3>\n\t\t\t\t\t\n\t\t\t\t\t\t\t\t\t\t\t<div class=\"elementor-flip-box__layer__description\">\n\t\t\t\t\t\t\tDie Alpabz\u00fcge von L'Etivaz und Gstaad sind n\u00e4her zusammenger\u00fcckt. Sie teilen die gleiche Tradition und sind traditionelle Feste in der Romandie wie in der Deutschschweiz.\t\t\t\t\t\t<\/div>\n\t\t\t\t\t\n\t\t\t\t\t\t\t\t\t\t\t<a class=\"elementor-flip-box__button elementor-button elementor-size-sm\" href=\"https:\/\/www.gstaad.ch\/gstaad\/gstaad-entdecken\/entdecken\/sommer\/gstaad-zueglete.html\" target=\"_blank\">\n\t\t\t\t\t\t\tMehr erfahren\t\t\t\t\t\t<\/a>\n\t\t\t\t\t\t\t\t<\/div>\n\t\t<\/div>\n\t\t<\/div>\n\t\t<\/div>\n\t\t\t\t\t\t<\/div>\n\t\t\t\t<\/div>\n\t\t\t\t\t<\/div>\n\t\t<\/div>\n\t\t\t\t<div class=\"elementor-column elementor-col-25 elementor-inner-column elementor-element elementor-element-76a70d5\" data-id=\"76a70d5\" data-element_type=\"column\" data-e-type=\"column\" data-settings=\"{&quot;background_background&quot;:&quot;classic&quot;}\">\n\t\t\t<div class=\"elementor-widget-wrap elementor-element-populated\">\n\t\t\t\t\t\t<div class=\"elementor-element elementor-element-52cb6b8b elementor-flip-box--effect-flip elementor-flip-box--direction-up elementor-widget elementor-widget-flip-box\" data-id=\"52cb6b8b\" data-element_type=\"widget\" data-e-type=\"widget\" data-widget_type=\"flip-box.default\">\n\t\t\t\t<div class=\"elementor-widget-container\">\n\t\t\t\t\t\t\t<div class=\"elementor-flip-box\" tabindex=\"0\">\n\t\t\t<div class=\"elementor-flip-box__layer elementor-flip-box__front\">\n\t\t\t\t<div class=\"elementor-flip-box__layer__overlay\">\n\t\t\t\t\t<div class=\"elementor-flip-box__layer__inner\">\n\t\t\t\t\t\t\t\t\t\t\t\t\t<div class=\"elementor-flip-box__image\">\n\t\t\t\t\t\t\t\t<img decoding=\"async\" width=\"300\" height=\"90\" src=\"https:\/\/etivaz-aop.ch\/wp-content\/uploads\/2024\/03\/logo-landing-page-1-300x90-1.png\" class=\"attachment-full size-full wp-image-9173\" alt=\"\" srcset=\"https:\/\/etivaz-aop.ch\/wp-content\/uploads\/2024\/03\/logo-landing-page-1-300x90-1.png 300w, https:\/\/etivaz-aop.ch\/wp-content\/uploads\/2024\/03\/logo-landing-page-1-300x90-1-18x5.png 18w\" sizes=\"(max-width: 300px) 100vw, 300px\" \/>\t\t\t\t\t\t\t<\/div>\n\t\t\t\t\t\t\n\t\t\t\t\t\t\n\t\t\t\t\t\t\t\t\t\t\t<\/div>\n\t\t\t\t<\/div>\n\t\t\t<\/div>\n\t\t\t<div class=\"elementor-flip-box__layer elementor-flip-box__back\">\n\t\t\t<div class=\"elementor-flip-box__layer__overlay\">\n\t\t\t\t<div class=\"elementor-flip-box__layer__inner\">\n\t\t\t\t\t\t\t\t\t\t\t<h3 class=\"elementor-flip-box__layer__title\">\n\t\t\t\t\t\t\tDer Barlatay-Supertrail\t\t\t\t\t\t<\/h3>\n\t\t\t\t\t\n\t\t\t\t\t\t\t\t\t\t\t<div class=\"elementor-flip-box__layer__description\">\n\t\t\t\t\t\t\tDer Supertrail du Barlatay bietet vier Trailstrecken durch das Pays-d'Enhaut und die Ormonts, eine einzigartige Gelegenheit, die Waadtl\u00e4nder Voralpen zu entdecken.\t\t\t\t\t\t<\/div>\n\t\t\t\t\t\n\t\t\t\t\t\t\t\t\t\t\t<a class=\"elementor-flip-box__button elementor-button elementor-size-sm\" href=\"https:\/\/www.barlatay.ch\/\" target=\"_blank\">\n\t\t\t\t\t\t\twww.barlatay.ch\/\t\t\t\t\t\t<\/a>\n\t\t\t\t\t\t\t\t<\/div>\n\t\t<\/div>\n\t\t<\/div>\n\t\t<\/div>\n\t\t\t\t\t\t<\/div>\n\t\t\t\t<\/div>\n\t\t\t\t\t<\/div>\n\t\t<\/div>\n\t\t\t\t<div class=\"elementor-column elementor-col-25 elementor-inner-column elementor-element elementor-element-552e5702\" data-id=\"552e5702\" data-element_type=\"column\" data-e-type=\"column\" data-settings=\"{&quot;background_background&quot;:&quot;classic&quot;}\">\n\t\t\t<div class=\"elementor-widget-wrap elementor-element-populated\">\n\t\t\t\t\t\t<div class=\"elementor-element elementor-element-e9119db elementor-flip-box--effect-flip elementor-flip-box--direction-up elementor-widget elementor-widget-flip-box\" data-id=\"e9119db\" data-element_type=\"widget\" data-e-type=\"widget\" data-widget_type=\"flip-box.default\">\n\t\t\t\t<div class=\"elementor-widget-container\">\n\t\t\t\t\t\t\t<div class=\"elementor-flip-box\" tabindex=\"0\">\n\t\t\t<div class=\"elementor-flip-box__layer elementor-flip-box__front\">\n\t\t\t\t<div class=\"elementor-flip-box__layer__overlay\">\n\t\t\t\t\t<div class=\"elementor-flip-box__layer__inner\">\n\t\t\t\t\t\t\t\t\t\t\t\t\t<div class=\"elementor-flip-box__image\">\n\t\t\t\t\t\t\t\t<img loading=\"lazy\" decoding=\"async\" width=\"378\" height=\"347\" src=\"https:\/\/etivaz-aop.ch\/wp-content\/uploads\/2025\/09\/Logo-TPC.png\" class=\"attachment-full size-full wp-image-14732\" alt=\"\" srcset=\"https:\/\/etivaz-aop.ch\/wp-content\/uploads\/2025\/09\/Logo-TPC.png 378w, https:\/\/etivaz-aop.ch\/wp-content\/uploads\/2025\/09\/Logo-TPC-300x275.png 300w, https:\/\/etivaz-aop.ch\/wp-content\/uploads\/2025\/09\/Logo-TPC-13x12.png 13w\" sizes=\"(max-width: 378px) 100vw, 378px\" \/>\t\t\t\t\t\t\t<\/div>\n\t\t\t\t\t\t\n\t\t\t\t\t\t\n\t\t\t\t\t\t\t\t\t\t\t<\/div>\n\t\t\t\t<\/div>\n\t\t\t<\/div>\n\t\t\t<div class=\"elementor-flip-box__layer elementor-flip-box__back\">\n\t\t\t<div class=\"elementor-flip-box__layer__overlay\">\n\t\t\t\t<div class=\"elementor-flip-box__layer__inner\">\n\t\t\t\t\t\t\t\t\t\t\t<h3 class=\"elementor-flip-box__layer__title\">\n\t\t\t\t\t\t\tTPC\t\t\t\t\t\t<\/h3>\n\t\t\t\t\t\n\t\t\t\t\t\t\t\t\t\t\t<div class=\"elementor-flip-box__layer__description\">\n\t\t\t\t\t\t\t\nDie TPC sind Partner der \u00abD\u00e9salpe de L\u2019\u00c9tivaz\u00bb! Am Tag der Veranstaltung bringen euch ihre Busse direkt zum Fest. Der Transport ist im Eintrittspreis enthalten (CHF 10.\u2013\/Erwachsener). Einfach, praktisch und gesellig!\t\t\t\t\t\t<\/div>\n\t\t\t\t\t\n\t\t\t\t\t\t\t\t\t\t\t<a class=\"elementor-flip-box__button elementor-button elementor-size-sm\" href=\"https:\/\/tpc.ch\/\" target=\"_blank\">\n\t\t\t\t\t\t\tMehr erfahren\t\t\t\t\t\t<\/a>\n\t\t\t\t\t\t\t\t<\/div>\n\t\t<\/div>\n\t\t<\/div>\n\t\t<\/div>\n\t\t\t\t\t\t<\/div>\n\t\t\t\t<\/div>\n\t\t\t\t\t<\/div>\n\t\t<\/div>\n\t\t\t\t\t<\/div>\n\t\t<\/section>\n\t\t\t\t<section class=\"elementor-section elementor-inner-section elementor-element elementor-element-a7d3d1b elementor-section-full_width elementor-section-height-default elementor-section-height-default\" data-id=\"a7d3d1b\" data-element_type=\"section\" data-e-type=\"section\" data-settings=\"{&quot;background_background&quot;:&quot;classic&quot;}\">\n\t\t\t\t\t\t<div class=\"elementor-container elementor-column-gap-default\">\n\t\t\t\t\t<div class=\"elementor-column elementor-col-25 elementor-inner-column elementor-element elementor-element-6a01832\" data-id=\"6a01832\" data-element_type=\"column\" data-e-type=\"column\" data-settings=\"{&quot;background_background&quot;:&quot;classic&quot;}\">\n\t\t\t<div class=\"elementor-widget-wrap elementor-element-populated\">\n\t\t\t\t\t\t<div class=\"elementor-element elementor-element-976dae1 elementor-flip-box--effect-flip elementor-flip-box--direction-up elementor-widget elementor-widget-flip-box\" data-id=\"976dae1\" data-element_type=\"widget\" data-e-type=\"widget\" data-widget_type=\"flip-box.default\">\n\t\t\t\t<div class=\"elementor-widget-container\">\n\t\t\t\t\t\t\t<div class=\"elementor-flip-box\" tabindex=\"0\">\n\t\t\t<div class=\"elementor-flip-box__layer elementor-flip-box__front\">\n\t\t\t\t<div class=\"elementor-flip-box__layer__overlay\">\n\t\t\t\t\t<div class=\"elementor-flip-box__layer__inner\">\n\t\t\t\t\t\t\t\t\t\t\t\t\t<div class=\"elementor-flip-box__image\">\n\t\t\t\t\t\t\t\t<img loading=\"lazy\" decoding=\"async\" width=\"300\" height=\"125\" src=\"https:\/\/etivaz-aop.ch\/wp-content\/uploads\/2025\/09\/Capture-decran-2025-09-23-125228.png\" class=\"attachment-full size-full wp-image-14748\" alt=\"\" srcset=\"https:\/\/etivaz-aop.ch\/wp-content\/uploads\/2025\/09\/Capture-decran-2025-09-23-125228.png 300w, https:\/\/etivaz-aop.ch\/wp-content\/uploads\/2025\/09\/Capture-decran-2025-09-23-125228-18x8.png 18w\" sizes=\"(max-width: 300px) 100vw, 300px\" \/>\t\t\t\t\t\t\t<\/div>\n\t\t\t\t\t\t\n\t\t\t\t\t\t\n\t\t\t\t\t\t\t\t\t\t\t<\/div>\n\t\t\t\t<\/div>\n\t\t\t<\/div>\n\t\t\t<div class=\"elementor-flip-box__layer elementor-flip-box__back\">\n\t\t\t<div class=\"elementor-flip-box__layer__overlay\">\n\t\t\t\t<div class=\"elementor-flip-box__layer__inner\">\n\t\t\t\t\t\t\t\t\t\t\t<h3 class=\"elementor-flip-box__layer__title\">\n\t\t\t\t\t\t\tRadio Chablais\t\t\t\t\t\t<\/h3>\n\t\t\t\t\t\n\t\t\t\t\t\t\t\t\t\t\t<div class=\"elementor-flip-box__layer__description\">\n\t\t\t\t\t\t\tRadio Chablais ist Partner des Alpabzugs von L'\u00c9tivaz und tr\u00e4gt dazu bei, dass unsere Traditionen \u00fcber das Tal hinaus erklingen.\t\t\t\t\t\t<\/div>\n\t\t\t\t\t\n\t\t\t\t\t\t\t\t\t\t\t<a class=\"elementor-flip-box__button elementor-button elementor-size-sm\" href=\"https:\/\/radiochablais.ch\/\" target=\"_blank\">\n\t\t\t\t\t\t\tMehr erfahren\t\t\t\t\t\t<\/a>\n\t\t\t\t\t\t\t\t<\/div>\n\t\t<\/div>\n\t\t<\/div>\n\t\t<\/div>\n\t\t\t\t\t\t<\/div>\n\t\t\t\t<\/div>\n\t\t\t\t\t<\/div>\n\t\t<\/div>\n\t\t\t\t<div class=\"elementor-column elementor-col-25 elementor-inner-column elementor-element elementor-element-953cb9e\" data-id=\"953cb9e\" data-element_type=\"column\" data-e-type=\"column\" data-settings=\"{&quot;background_background&quot;:&quot;classic&quot;}\">\n\t\t\t<div class=\"elementor-widget-wrap elementor-element-populated\">\n\t\t\t\t\t\t<div class=\"elementor-element elementor-element-10c8a0d elementor-flip-box--effect-flip elementor-flip-box--direction-up elementor-widget elementor-widget-flip-box\" data-id=\"10c8a0d\" data-element_type=\"widget\" data-e-type=\"widget\" data-widget_type=\"flip-box.default\">\n\t\t\t\t<div class=\"elementor-widget-container\">\n\t\t\t\t\t\t\t<div class=\"elementor-flip-box\" tabindex=\"0\">\n\t\t\t<div class=\"elementor-flip-box__layer elementor-flip-box__front\">\n\t\t\t\t<div class=\"elementor-flip-box__layer__overlay\">\n\t\t\t\t\t<div class=\"elementor-flip-box__layer__inner\">\n\t\t\t\t\t\t\t\t\t\t\t\t\t<div class=\"elementor-flip-box__image\">\n\t\t\t\t\t\t\t\t<img loading=\"lazy\" decoding=\"async\" width=\"285\" height=\"43\" src=\"https:\/\/etivaz-aop.ch\/wp-content\/uploads\/2026\/08\/Raiffeisen-Logo_rot_sRGB.png\" class=\"attachment-full size-full wp-image-16669\" alt=\"\" srcset=\"https:\/\/etivaz-aop.ch\/wp-content\/uploads\/2026\/08\/Raiffeisen-Logo_rot_sRGB.png 285w, https:\/\/etivaz-aop.ch\/wp-content\/uploads\/2026\/08\/Raiffeisen-Logo_rot_sRGB-18x3.png 18w\" sizes=\"(max-width: 285px) 100vw, 285px\" \/>\t\t\t\t\t\t\t<\/div>\n\t\t\t\t\t\t\n\t\t\t\t\t\t\n\t\t\t\t\t\t\t\t\t\t\t<\/div>\n\t\t\t\t<\/div>\n\t\t\t<\/div>\n\t\t\t<div class=\"elementor-flip-box__layer elementor-flip-box__back\">\n\t\t\t<div class=\"elementor-flip-box__layer__overlay\">\n\t\t\t\t<div class=\"elementor-flip-box__layer__inner\">\n\t\t\t\t\t\t\t\t\t\t\t<h3 class=\"elementor-flip-box__layer__title\">\n\t\t\t\t\t\t\tRaiffeisen\t\t\t\t\t\t<\/h3>\n\t\t\t\t\t\n\t\t\t\t\t\t\t\t\t\t\t<div class=\"elementor-flip-box__layer__description\">\n\t\t\t\t\t\t\tUnser Finanzpartner f\u00fcr die \u201eD\u00e9salpe\u201c\t\t\t\t\t\t<\/div>\n\t\t\t\t\t\n\t\t\t\t\t\t\t\t\t\t\t<a class=\"elementor-flip-box__button elementor-button elementor-size-sm\" href=\"https:\/\/www.raiffeisen.ch\/rch\/fr\">\n\t\t\t\t\t\t\twww.alpesvaudoises.ch\t\t\t\t\t\t<\/a>\n\t\t\t\t\t\t\t\t<\/div>\n\t\t<\/div>\n\t\t<\/div>\n\t\t<\/div>\n\t\t\t\t\t\t<\/div>\n\t\t\t\t<\/div>\n\t\t\t\t\t<\/div>\n\t\t<\/div>\n\t\t\t\t<div class=\"elementor-column elementor-col-25 elementor-inner-column elementor-element elementor-element-7ea3e47 elementor-hidden-desktop elementor-hidden-tablet elementor-hidden-mobile\" data-id=\"7ea3e47\" data-element_type=\"column\" data-e-type=\"column\" data-settings=\"{&quot;background_background&quot;:&quot;classic&quot;}\">\n\t\t\t<div class=\"elementor-widget-wrap elementor-element-populated\">\n\t\t\t\t\t\t<div class=\"elementor-element elementor-element-03e132b elementor-flip-box--effect-flip elementor-flip-box--direction-up elementor-widget elementor-widget-flip-box\" data-id=\"03e132b\" data-element_type=\"widget\" data-e-type=\"widget\" data-widget_type=\"flip-box.default\">\n\t\t\t\t<div class=\"elementor-widget-container\">\n\t\t\t\t\t\t\t<div class=\"elementor-flip-box\" tabindex=\"0\">\n\t\t\t<div class=\"elementor-flip-box__layer elementor-flip-box__front\">\n\t\t\t\t<div class=\"elementor-flip-box__layer__overlay\">\n\t\t\t\t\t<div class=\"elementor-flip-box__layer__inner\">\n\t\t\t\t\t\t\t\t\t\t\t\t\t<div class=\"elementor-flip-box__image\">\n\t\t\t\t\t\t\t\t<img decoding=\"async\" width=\"168\" height=\"128\" src=\"https:\/\/etivaz-aop.ch\/wp-content\/uploads\/2024\/03\/unnamed-3.png\" class=\"attachment-full size-full wp-image-9171\" alt=\"\" srcset=\"https:\/\/etivaz-aop.ch\/wp-content\/uploads\/2024\/03\/unnamed-3.png 168w, https:\/\/etivaz-aop.ch\/wp-content\/uploads\/2024\/03\/unnamed-3-16x12.png 16w\" sizes=\"(max-width: 168px) 100vw, 168px\" \/>\t\t\t\t\t\t\t<\/div>\n\t\t\t\t\t\t\n\t\t\t\t\t\t\n\t\t\t\t\t\t\t\t\t\t\t<\/div>\n\t\t\t\t<\/div>\n\t\t\t<\/div>\n\t\t\t<div class=\"elementor-flip-box__layer elementor-flip-box__back\">\n\t\t\t<div class=\"elementor-flip-box__layer__overlay\">\n\t\t\t\t<div class=\"elementor-flip-box__layer__inner\">\n\t\t\t\t\t\t\t\t\t\t\t<h3 class=\"elementor-flip-box__layer__title\">\n\t\t\t\t\t\t\tGstaad Z\u00fcglete\t\t\t\t\t\t<\/h3>\n\t\t\t\t\t\n\t\t\t\t\t\t\t\t\t\t\t<div class=\"elementor-flip-box__layer__description\">\n\t\t\t\t\t\t\tDie Alpabz\u00fcge von L'Etivaz und Gstaad sind n\u00e4her zusammenger\u00fcckt. Sie teilen die gleiche Tradition und sind traditionelle Feste in der Romandie wie in der Deutschschweiz.\t\t\t\t\t\t<\/div>\n\t\t\t\t\t\n\t\t\t\t\t\t\t\t\t\t\t<a class=\"elementor-flip-box__button elementor-button elementor-size-sm\" href=\"https:\/\/www.gstaad.ch\/gstaad\/gstaad-entdecken\/entdecken\/sommer\/gstaad-zueglete.html\">\n\t\t\t\t\t\t\tMehr erfahren\t\t\t\t\t\t<\/a>\n\t\t\t\t\t\t\t\t<\/div>\n\t\t<\/div>\n\t\t<\/div>\n\t\t<\/div>\n\t\t\t\t\t\t<\/div>\n\t\t\t\t<\/div>\n\t\t\t\t\t<\/div>\n\t\t<\/div>\n\t\t\t\t<div class=\"elementor-column elementor-col-25 elementor-inner-column elementor-element elementor-element-44b5a9f elementor-hidden-desktop elementor-hidden-tablet elementor-hidden-mobile\" data-id=\"44b5a9f\" data-element_type=\"column\" data-e-type=\"column\" data-settings=\"{&quot;background_background&quot;:&quot;classic&quot;}\">\n\t\t\t<div class=\"elementor-widget-wrap elementor-element-populated\">\n\t\t\t\t\t\t<div class=\"elementor-element elementor-element-7951c55 elementor-flip-box--effect-flip elementor-flip-box--direction-up elementor-widget elementor-widget-flip-box\" data-id=\"7951c55\" data-element_type=\"widget\" data-e-type=\"widget\" data-widget_type=\"flip-box.default\">\n\t\t\t\t<div class=\"elementor-widget-container\">\n\t\t\t\t\t\t\t<div class=\"elementor-flip-box\" tabindex=\"0\">\n\t\t\t<div class=\"elementor-flip-box__layer elementor-flip-box__front\">\n\t\t\t\t<div class=\"elementor-flip-box__layer__overlay\">\n\t\t\t\t\t<div class=\"elementor-flip-box__layer__inner\">\n\t\t\t\t\t\t\t\t\t\t\t\t\t<div class=\"elementor-flip-box__image\">\n\t\t\t\t\t\t\t\t<img decoding=\"async\" width=\"300\" height=\"90\" src=\"https:\/\/etivaz-aop.ch\/wp-content\/uploads\/2024\/03\/logo-landing-page-1-300x90-1.png\" class=\"attachment-full size-full wp-image-9173\" alt=\"\" srcset=\"https:\/\/etivaz-aop.ch\/wp-content\/uploads\/2024\/03\/logo-landing-page-1-300x90-1.png 300w, https:\/\/etivaz-aop.ch\/wp-content\/uploads\/2024\/03\/logo-landing-page-1-300x90-1-18x5.png 18w\" sizes=\"(max-width: 300px) 100vw, 300px\" \/>\t\t\t\t\t\t\t<\/div>\n\t\t\t\t\t\t\n\t\t\t\t\t\t\n\t\t\t\t\t\t\t\t\t\t\t<\/div>\n\t\t\t\t<\/div>\n\t\t\t<\/div>\n\t\t\t<div class=\"elementor-flip-box__layer elementor-flip-box__back\">\n\t\t\t<div class=\"elementor-flip-box__layer__overlay\">\n\t\t\t\t<div class=\"elementor-flip-box__layer__inner\">\n\t\t\t\t\t\t\t\t\t\t\t<h3 class=\"elementor-flip-box__layer__title\">\n\t\t\t\t\t\t\tDer Barlatay-Supertrail\t\t\t\t\t\t<\/h3>\n\t\t\t\t\t\n\t\t\t\t\t\t\t\t\t\t\t<div class=\"elementor-flip-box__layer__description\">\n\t\t\t\t\t\t\tDer Supertrail du Barlatay hat zum Ziel, vier trail\u00e4hnliche Strecken in der Region Pays-d'Enhaut und Ormonts anzubieten. Eine einmalige Chance, die Waadtl\u00e4nder Voralpen auf Bergwanderwegen in der Schweiz zu durchqueren. \t\t\t\t\t\t<\/div>\n\t\t\t\t\t\n\t\t\t\t\t\t\t\t\t\t\t<a class=\"elementor-flip-box__button elementor-button elementor-size-sm\" href=\"https:\/\/www.barlatay.ch\/\">\n\t\t\t\t\t\t\twww.barlatay.ch\/\t\t\t\t\t\t<\/a>\n\t\t\t\t\t\t\t\t<\/div>\n\t\t<\/div>\n\t\t<\/div>\n\t\t<\/div>\n\t\t\t\t\t\t<\/div>\n\t\t\t\t<\/div>\n\t\t\t\t\t<\/div>\n\t\t<\/div>\n\t\t\t\t\t<\/div>\n\t\t<\/section>\n\t\t\t\t\t<\/div>\n\t\t<\/div>\n\t\t\t\t\t<\/div>\n\t\t<\/section>\n\t\t\t\t<section class=\"elementor-section elementor-top-section elementor-element elementor-element-aba6fff elementor-section-full_width elementor-section-height-default elementor-section-height-default\" data-id=\"aba6fff\" data-element_type=\"section\" data-e-type=\"section\" data-settings=\"{&quot;background_background&quot;:&quot;classic&quot;}\">\n\t\t\t\t\t\t<div class=\"elementor-container elementor-column-gap-default\">\n\t\t\t\t\t<div class=\"elementor-column elementor-col-100 elementor-top-column elementor-element elementor-element-ec4f443\" data-id=\"ec4f443\" data-element_type=\"column\" data-e-type=\"column\">\n\t\t\t<div class=\"elementor-widget-wrap elementor-element-populated\">\n\t\t\t\t\t\t<div class=\"elementor-element elementor-element-243676c elementor-widget elementor-widget-heading\" data-id=\"243676c\" data-element_type=\"widget\" data-e-type=\"widget\" data-widget_type=\"heading.default\">\n\t\t\t\t<div class=\"elementor-widget-container\">\n\t\t\t\t\t<h2 class=\"elementor-heading-title elementor-size-default\">Zeitplan f\u00fcr den Durchzug der Herden<\/h2>\t\t\t\t<\/div>\n\t\t\t\t<\/div>\n\t\t\t\t<section class=\"elementor-section elementor-inner-section elementor-element elementor-element-b5882e0 elementor-section-full_width elementor-section-height-default elementor-section-height-default\" data-id=\"b5882e0\" data-element_type=\"section\" data-e-type=\"section\" data-settings=\"{&quot;background_background&quot;:&quot;classic&quot;}\">\n\t\t\t\t\t\t<div class=\"elementor-container elementor-column-gap-default\">\n\t\t\t\t\t<div class=\"elementor-column elementor-col-100 elementor-inner-column elementor-element elementor-element-60d6c03\" data-id=\"60d6c03\" data-element_type=\"column\" data-e-type=\"column\">\n\t\t\t<div class=\"elementor-widget-wrap elementor-element-populated\">\n\t\t\t\t\t\t<div class=\"elementor-element elementor-element-21e8d1a elementor-widget elementor-widget-html\" data-id=\"21e8d1a\" data-element_type=\"widget\" data-e-type=\"widget\" data-widget_type=\"html.default\">\n\t\t\t\t<div class=\"elementor-widget-container\">\n\t\t\t\t\t<div style=\"max-width: 800px; margin: 0 auto; overflow-x: auto;\">\r\n  <table style=\"width: 100%; border-collapse: collapse; font-family: system-ui, -apple-system, Segoe UI, Roboto, Arial, sans-serif; font-size: 16px;\">\r\n    <thead>\r\n      <tr style=\"background: #f3f4f6; text-align: left;\">\r\n        <th scope=\"col\" style=\"padding: 12px 10px; border-bottom: 2px solid #e5e7eb;\">Uhrzeit<\/th>\r\n        <th scope=\"col\" style=\"padding: 12px 10px; border-bottom: 2px solid #e5e7eb;\">Programm<\/th>\r\n      <\/tr>\r\n    <\/thead>\r\n    <tbody>\r\n      <tr>\r\n    \r\n\t\t\t\t<\/div>\n\t\t\t\t<\/div>\n\t\t\t\t\t<\/div>\n\t\t<\/div>\n\t\t\t\t\t<\/div>\n\t\t<\/section>\n\t\t\t\t\t<\/div>\n\t\t<\/div>\n\t\t\t\t\t<\/div>\n\t\t<\/section>\n\t\t\t\t<\/div>","protected":false},"excerpt":{"rendered":"<p>D\u00e9salpe de L\u2019Etivaz Une tradition vivante ! Rendez-vous le 26 septembre 2026 Le 26 septembre 2026, L\u2019Etivaz sera en f\u00eate pour c\u00e9l\u00e9brer le retour des troupeaux apr\u00e8s un \u00e9t\u00e9 sur les alpages ! Malgr\u00e9 une saison marqu\u00e9e par la s\u00e9cheresse, la tradition se poursuit : les troupeaux d\u00e9fileront dans le village, peut-\u00eatre en nombre un [&hellip;]<\/p>\n","protected":false},"author":330,"featured_media":9115,"parent":0,"menu_order":0,"comment_status":"closed","ping_status":"closed","template":"","meta":{"_acf_changed":false,"site-sidebar-layout":"no-sidebar","site-content-layout":"page-builder","ast-site-content-layout":"full-width-container","site-content-style":"default","site-sidebar-style":"default","ast-global-header-display":"","ast-banner-title-visibility":"","ast-main-header-display":"","ast-hfb-above-header-display":"","ast-hfb-below-header-display":"","ast-hfb-mobile-header-display":"","site-post-title":"disabled","ast-breadcrumbs-content":"","ast-featured-img":"disabled","footer-sml-layout":"","ast-disable-related-posts":"","theme-transparent-header-meta":"default","adv-header-id-meta":"","stick-header-meta":"","header-above-stick-meta":"","header-main-stick-meta":"","header-below-stick-meta":"","astra-migrate-meta-layouts":"set","ast-page-background-enabled":"default","ast-page-background-meta":{"desktop":{"background-color":"","background-image":"","background-repeat":"repeat","background-position":"center center","background-size":"auto","background-attachment":"scroll","background-type":"","background-media":"","overlay-type":"","overlay-color":"","overlay-opacity":"","overlay-gradient":""},"tablet":{"background-color":"","background-image":"","background-repeat":"repeat","background-position":"center center","background-size":"auto","background-attachment":"scroll","background-type":"","background-media":"","overlay-type":"","overlay-color":"","overlay-opacity":"","overlay-gradient":""},"mobile":{"background-color":"","background-image":"","background-repeat":"repeat","background-position":"center center","background-size":"auto","background-attachment":"scroll","background-type":"","background-media":"","overlay-type":"","overlay-color":"","overlay-opacity":"","overlay-gradient":""}},"ast-content-background-meta":{"desktop":{"background-color":"var(--ast-global-color-5)","background-image":"","background-repeat":"repeat","background-position":"center center","background-size":"auto","background-attachment":"scroll","background-type":"","background-media":"","overlay-type":"","overlay-color":"","overlay-opacity":"","overlay-gradient":""},"tablet":{"background-color":"var(--ast-global-color-5)","background-image":"","background-repeat":"repeat","background-position":"center center","background-size":"auto","background-attachment":"scroll","background-type":"","background-media":"","overlay-type":"","overlay-color":"","overlay-opacity":"","overlay-gradient":""},"mobile":{"background-color":"var(--ast-global-color-5)","background-image":"","background-repeat":"repeat","background-position":"center center","background-size":"auto","background-attachment":"scroll","background-type":"","background-media":"","overlay-type":"","overlay-color":"","overlay-opacity":"","overlay-gradient":""}},"footnotes":""},"class_list":["post-9164","page","type-page","status-publish","has-post-thumbnail","hentry"],"acf":[],"_links":{"self":[{"href":"https:\/\/etivaz-aop.ch\/de\/wp-json\/wp\/v2\/pages\/9164","targetHints":{"allow":["GET"]}}],"collection":[{"href":"https:\/\/etivaz-aop.ch\/de\/wp-json\/wp\/v2\/pages"}],"about":[{"href":"https:\/\/etivaz-aop.ch\/de\/wp-json\/wp\/v2\/types\/page"}],"author":[{"embeddable":true,"href":"https:\/\/etivaz-aop.ch\/de\/wp-json\/wp\/v2\/users\/330"}],"replies":[{"embeddable":true,"href":"https:\/\/etivaz-aop.ch\/de\/wp-json\/wp\/v2\/comments?post=9164"}],"version-history":[{"count":130,"href":"https:\/\/etivaz-aop.ch\/de\/wp-json\/wp\/v2\/pages\/9164\/revisions"}],"predecessor-version":[{"id":16679,"href":"https:\/\/etivaz-aop.ch\/de\/wp-json\/wp\/v2\/pages\/9164\/revisions\/16679"}],"wp:featuredmedia":[{"embeddable":true,"href":"https:\/\/etivaz-aop.ch\/de\/wp-json\/wp\/v2\/media\/9115"}],"wp:attachment":[{"href":"https:\/\/etivaz-aop.ch\/de\/wp-json\/wp\/v2\/media?parent=9164"}],"curies":[{"name":"wp","href":"https:\/\/api.w.org\/{rel}","templated":true}]}}